{"id":180,"date":"2022-10-04T17:37:22","date_gmt":"2022-10-04T15:37:22","guid":{"rendered":"http:\/\/2022.it-schiedsgericht.ch\/?page_id=180"},"modified":"2022-10-18T10:20:02","modified_gmt":"2022-10-18T08:20:02","slug":"ueber-uns","status":"publish","type":"page","link":"https:\/\/www.it-schiedsgericht.ch\/?page_id=180","title":{"rendered":"\u00dcber uns"},"content":{"rendered":"\n<h2 class=\"wp-block-heading\"><strong>Vorsitz<\/strong><\/h2>\n\n\n\n<p>   <\/p>\n\n\n\n<div class=\"wp-block-media-text alignwide is-stacked-on-mobile is-vertically-aligned-top\" style=\"grid-template-columns:15% auto\"><figure class=\"wp-block-media-text__media\"><img loading=\"lazy\" decoding=\"async\" width=\"576\" height=\"1024\" src=\"https:\/\/www.it-schiedsgericht.ch\/wp-content\/uploads\/2022\/10\/da-576x1024.jpg\" alt=\"\" class=\"wp-image-498 size-full\" srcset=\"https:\/\/www.it-schiedsgericht.ch\/wp-content\/uploads\/2022\/10\/da-576x1024.jpg 576w, https:\/\/www.it-schiedsgericht.ch\/wp-content\/uploads\/2022\/10\/da-169x300.jpg 169w, https:\/\/www.it-schiedsgericht.ch\/wp-content\/uploads\/2022\/10\/da-768x1365.jpg 768w, https:\/\/www.it-schiedsgericht.ch\/wp-content\/uploads\/2022\/10\/da-864x1536.jpg 864w, https:\/\/www.it-schiedsgericht.ch\/wp-content\/uploads\/2022\/10\/da-1152x2048.jpg 1152w, https:\/\/www.it-schiedsgericht.ch\/wp-content\/uploads\/2022\/10\/da-scaled.jpg 1440w\" sizes=\"auto, (max-width: 576px) 100vw, 576px\" \/><\/figure><div class=\"wp-block-media-text__content\">\n<p><strong>Dr. iur. Dieter Aebi<\/strong><\/p>\n\n\n\n<p>Seit August 1999 selbst\u00e4ndig praktizierender Rechtsanwalt. Seit 2018 Friedensrichter in zwei Gemeinden des Kantons Z\u00fcrich.<\/p>\n\n\n\n<p>Fokussiert auf<\/p>\n\n\n\n<ul class=\"wp-block-list\"><li>Handelsrecht (OR)<\/li><li>Zivilrecht (ZGB)<\/li><li>Betreibungs- und Konkursrecht (SchKG)<\/li><li>Bankenrecht<\/li><li>Wettbewerbsrecht \/ Konsumentenrecht<\/li><li>Strafrecht \/ Strafverteidigung<\/li><\/ul>\n\n\n\n<p><a href=\"mailto:dieter.aebi@it-schiedsgericht.ch\">dieter.aebi@it-schiedsgericht.ch<\/a><\/p>\n<\/div><\/div>\n\n\n\n<p>     <\/p>\n\n\n\n<h2 class=\"wp-block-heading\"><strong>Sachverst\u00e4ndige<\/strong><\/h2>\n\n\n\n<p>  <\/p>\n\n\n\n<div class=\"wp-block-media-text alignwide is-stacked-on-mobile is-vertically-aligned-top\" style=\"grid-template-columns:15% auto\"><figure class=\"wp-block-media-text__media\"><img loading=\"lazy\" decoding=\"async\" width=\"192\" height=\"256\" src=\"https:\/\/www.it-schiedsgericht.ch\/wp-content\/uploads\/2022\/10\/Michael_Birrer.jpg\" alt=\"\" class=\"wp-image-182 size-full\"\/><\/figure><div class=\"wp-block-media-text__content\">\n<p><strong>Michael A. Birrer<\/strong><\/p>\n\n\n\n<p>Seit \u00fcber 20 Jahren technischer Unternehmer in der Informations- und Kommunikationstechnolgie.&nbsp;<\/p>\n\n\n\n<p>Gesch\u00e4ftsf\u00fchrer der megaBYTE AG und der birrer.network ag.&nbsp;<\/p>\n\n\n\n<p>Mehrere Jahre t\u00e4tig als Kommunikationsexperte beim VBS.<\/p>\n\n\n\n<p>Fokussiert auf Supervision, Business Intelligence, ICT Architektur und IT Infrastrukturen<\/p>\n\n\n\n<p><a href=\"mailto:michael.birrer@it-schiedsgericht.ch\">michael.birrer@it-schiedsgericht.ch<\/a><\/p>\n<\/div><\/div>\n\n\n\n<p>   <\/p>\n\n\n\n<div class=\"wp-block-media-text alignwide is-stacked-on-mobile is-vertically-aligned-top\" style=\"grid-template-columns:15% auto\"><figure class=\"wp-block-media-text__media\"><img loading=\"lazy\" decoding=\"async\" width=\"192\" height=\"256\" src=\"https:\/\/www.it-schiedsgericht.ch\/wp-content\/uploads\/2022\/10\/urs.jpg\" alt=\"\" class=\"wp-image-183 size-full\"\/><\/figure><div class=\"wp-block-media-text__content\">\n<p><strong>Urs Bachofen<br>(CCIE)<\/strong><\/p>\n\n\n\n<p>Inhaber und Gesch\u00e4ftsf\u00fchrer der bachofen.net.&nbsp;<br><br>Mandate in Selbst\u00e4ndigkeit bei Schweizer KMU und<br>rennomierten&nbsp;Internet Service Providern.<\/p>\n\n\n\n<p>Fokussiert auf Netzwerktechnik.&nbsp;<\/p>\n\n\n\n<p><a href=\"mailto:urs.bachofen@it-schiedsgericht.ch\">urs.bachofen@it-schiedsgericht.ch<\/a><\/p>\n<\/div><\/div>\n\n\n\n<p>   <\/p>\n\n\n\n<div class=\"wp-block-media-text alignwide is-stacked-on-mobile is-vertically-aligned-top\" style=\"grid-template-columns:15% auto\"><figure class=\"wp-block-media-text__media\"><img loading=\"lazy\" decoding=\"async\" width=\"192\" height=\"256\" src=\"https:\/\/www.it-schiedsgericht.ch\/wp-content\/uploads\/2022\/10\/Bergamin_Ivan_Dr._Wirtschaftsfaecher.jpg\" alt=\"\" class=\"wp-image-184 size-full\"\/><\/figure><div class=\"wp-block-media-text__content\">\n<p><strong>Dr. Ivan Bergamin<\/strong><\/p>\n\n\n\n<p>Inhaber und Gesch\u00e4ftsf\u00fchrer der<br>Time4 GmbH.&nbsp;<br><br>Diverse technische Mandate (IT Systemstechnik) und Lehrt\u00e4tigkeiten.<\/p>\n\n\n\n<p>Fokussiert auf Finanzen, Unternehmensstrategie, Systemtechnik<\/p>\n\n\n\n<p><a href=\"mailto:ivan.bergamin@it-schiedsgericht.ch\">ivan.bergamin@it-schiedsgericht.ch<\/a><\/p>\n<\/div><\/div>\n","protected":false},"excerpt":{"rendered":"<p>Vorsitz Dr. iur. Dieter Aebi Seit August 1999 selbst\u00e4ndig praktizierender Rechtsanwalt. Seit 2018 Friedensrichter in zwei Gemeinden des Kantons Z\u00fcrich. Fokussiert auf Handelsrecht (OR) Zivilrecht (ZGB) Betreibungs- und Konkursrecht (SchKG) Bankenrecht Wettbewerbsrecht \/ Konsumentenrecht Strafrecht \/ Strafverteidigung dieter.aebi@it-schiedsgericht.ch Sachverst\u00e4ndige Michael A. Birrer Seit \u00fcber 20 Jahren technischer Unternehmer in der Informations- und Kommunikationstechnolgie.&nbsp; Gesch\u00e4ftsf\u00fchrer der [&hellip;]<\/p>\n","protected":false},"author":1,"featured_media":0,"parent":0,"menu_order":0,"comment_status":"closed","ping_status":"closed","template":"","meta":{"footnotes":""},"class_list":["post-180","page","type-page","status-publish","hentry"],"_links":{"self":[{"href":"https:\/\/www.it-schiedsgericht.ch\/index.php?rest_route=\/wp\/v2\/pages\/180","targetHints":{"allow":["GET"]}}],"collection":[{"href":"https:\/\/www.it-schiedsgericht.ch\/index.php?rest_route=\/wp\/v2\/pages"}],"about":[{"href":"https:\/\/www.it-schiedsgericht.ch\/index.php?rest_route=\/wp\/v2\/types\/page"}],"author":[{"embeddable":true,"href":"https:\/\/www.it-schiedsgericht.ch\/index.php?rest_route=\/wp\/v2\/users\/1"}],"replies":[{"embeddable":true,"href":"https:\/\/www.it-schiedsgericht.ch\/index.php?rest_route=%2Fwp%2Fv2%2Fcomments&post=180"}],"version-history":[{"count":11,"href":"https:\/\/www.it-schiedsgericht.ch\/index.php?rest_route=\/wp\/v2\/pages\/180\/revisions"}],"predecessor-version":[{"id":502,"href":"https:\/\/www.it-schiedsgericht.ch\/index.php?rest_route=\/wp\/v2\/pages\/180\/revisions\/502"}],"wp:attachment":[{"href":"https:\/\/www.it-schiedsgericht.ch\/index.php?rest_route=%2Fwp%2Fv2%2Fmedia&parent=180"}],"curies":[{"name":"wp","href":"https:\/\/api.w.org\/{rel}","templated":true}]}}